{"id":22,"date":"2021-12-02T16:39:14","date_gmt":"2021-12-02T15:39:14","guid":{"rendered":"http:\/\/www.escolasantaagnes.xyz\/?page_id=2"},"modified":"2026-01-29T10:25:50","modified_gmt":"2026-01-29T09:25:50","slug":"inscripcions-i-matricula","status":"publish","type":"page","link":"https:\/\/www.escolaelcim.net\/inscripcio\/","title":{"rendered":"Inscripcions i matricula"},"content":{"rendered":"<h1>Escola EL CIM<\/h1>\n<h3>Creant vincles, creixent junts<\/h3>\n<p>\n    <a href=\"#FORMULARI\"><span style=\"color:orange;font-size:18px;\">CONEIX-NOS<\/span><\/a>\n<\/p>\n<h2>Som una escola cooperativa,<br \/> catalana i laica.<\/h2>\n<div>\n<p>Atenem infants a la llar (0-3 anys) i impartim educaci\u00f3 infantil, prim\u00e0ria i secund\u00e0ria obligat\u00f2ria en dos grups d\u2019alumnes per curs, que s\u00f3n atesos per una vuitantena de professionals docents, d\u2019administraci\u00f3 i de serveis.<\/p>\n<p>Podeu contactar amb nosaltres per concertar una visita o b\u00e9 per demanar informaci\u00f3 sobre el proc\u00e9s de preinscripci\u00f3 i matriculaci\u00f3.<\/p>\n<\/div>\n<p><iframe src=\"https:\/\/youtu.be\/QRxOgY2P_IY\"><\/iframe><\/p>\n<div>\n<h3>Formulari<\/h3>\n<p>Demana m\u00e9s informaci\u00f3 o inscriu-te a la Jornada de Portes Obertes del 7 de febrer, de 10h a 13h.<\/p>\n<div><script type=\"text\/javascript\">var gform;gform||(document.addEventListener(\"gform_main_scripts_loaded\",function(){gform.scriptsLoaded=!0}),window.addEventListener(\"DOMContentLoaded\",function(){gform.domLoaded=!0}),gform={domLoaded:!1,scriptsLoaded:!1,initializeOnLoaded:function(o){gform.domLoaded&&gform.scriptsLoaded?o():!gform.domLoaded&&gform.scriptsLoaded?window.addEventListener(\"DOMContentLoaded\",o):document.addEventListener(\"gform_main_scripts_loaded\",o)},hooks:{action:{},filter:{}},addAction:function(o,n,r,t){gform.addHook(\"action\",o,n,r,t)},addFilter:function(o,n,r,t){gform.addHook(\"filter\",o,n,r,t)},doAction:function(o){gform.doHook(\"action\",o,arguments)},applyFilters:function(o){return gform.doHook(\"filter\",o,arguments)},removeAction:function(o,n){gform.removeHook(\"action\",o,n)},removeFilter:function(o,n,r){gform.removeHook(\"filter\",o,n,r)},addHook:function(o,n,r,t,i){null==gform.hooks[o][n]&&(gform.hooks[o][n]=[]);var e=gform.hooks[o][n];null==i&&(i=n+\"_\"+e.length),gform.hooks[o][n].push({tag:i,callable:r,priority:t=null==t?10:t})},doHook:function(n,o,r){var t;if(r=Array.prototype.slice.call(r,1),null!=gform.hooks[n][o]&&((o=gform.hooks[n][o]).sort(function(o,n){return o.priority-n.priority}),o.forEach(function(o){\"function\"!=typeof(t=o.callable)&&(t=window[t]),\"action\"==n?t.apply(null,r):r[0]=t.apply(null,r)})),\"filter\"==n)return r[0]},removeHook:function(o,n,t,i){var r;null!=gform.hooks[o][n]&&(r=(r=gform.hooks[o][n]).filter(function(o,n,r){return!!(null!=i&&i!=o.tag||null!=t&&t!=o.priority)}),gform.hooks[o][n]=r)}});<\/script>\n                <div class='gf_browser_gecko gform_wrapper gravity-theme' id='gform_wrapper_1' ><div id='gf_1' class='gform_anchor' tabindex='-1'><\/div>\n                        <div class='gform_heading'>\n\t\t\t\t\t\t\t<p class='gform_required_legend'>&quot;<span class=\"gfield_required gfield_required_asterisk\">*<\/span>&quot; Indica els camps obligatoris \n\n<\/p>\n                        <\/div><form method='post' enctype='multipart\/form-data' target='gform_ajax_frame_1' id='gform_1'  action='\/inscripcio\/wp-json\/wp\/v2\/pages\/22#gf_1' novalidate>\n                        <div class='gform_body gform-body'><div id='gform_fields_1' class='gform_fields top_label form_sublabel_below description_below'><fieldset id=\"field_1_2\"  class=\"gfield gfield_contains_required field_sublabel_below field_description_below gfield_visibility_visible\"  data-js-reload=\"field_1_2\"><legend class='gfield_label gfield_label_before_complex'  >Nom<span class=\"gfield_required\"><span class=\"gfield_required gfield_required_asterisk\">*<\/span><\/span><\/legend><div class='ginput_complex ginput_container no_prefix has_first_name no_middle_name no_last_name no_suffix gf_name_has_1 ginput_container_name' id='input_1_2'>\n                            \n                            <span id='input_1_2_3_container' class='name_first' >\n                                                    <input type='text' name='input_2.3' id='input_1_2_3' value='' tabindex='50'  aria-required='true'     \/>\n                                                    <label for='input_1_2_3' >Nom i cognoms<\/label>\n                                                <\/span>\n                            \n                            \n                            \n                        <\/div><\/fieldset><div id=\"field_1_4\"  class=\"gfield gfield--width-half field_sublabel_below field_description_below gfield_visibility_visible\"  data-js-reload=\"field_1_4\"><label class='gfield_label' for='input_1_4' >Tel\u00e8fon<\/label><div class='ginput_container ginput_container_phone'><input name='input_4' id='input_1_4' type='tel' value='' class='large' tabindex='54'   aria-invalid=\"false\"   \/><\/div><\/div><div id=\"field_1_3\"  class=\"gfield gfield--width-half gfield_contains_required field_sublabel_below field_description_below gfield_visibility_visible\"  data-js-reload=\"field_1_3\"><label class='gfield_label' for='input_1_3' >Correu electr\u00f2nic<span class=\"gfield_required\"><span class=\"gfield_required gfield_required_asterisk\">*<\/span><\/span><\/label><div class='ginput_container ginput_container_email'>\n                            <input name='input_3' id='input_1_3' type='email' value='' class='large' tabindex='55'   aria-required=\"true\" aria-invalid=\"false\"  \/>\n                        <\/div><\/div><div id=\"field_1_6\"  class=\"gfield gfield--width-full gfield_contains_required field_sublabel_below field_description_below gfield_visibility_visible\"  data-js-reload=\"field_1_6\"><label class='gfield_label' for='input_1_6' >Nom del nen o la nena<span class=\"gfield_required\"><span class=\"gfield_required gfield_required_asterisk\">*<\/span><\/span><\/label><div class='ginput_container ginput_container_text'><input name='input_6' id='input_1_6' type='text' value='' class='large'   tabindex='56'  aria-required=\"true\" aria-invalid=\"false\"   \/> <\/div><\/div><fieldset id=\"field_1_20\"  class=\"gfield gfield--width-quarter field_sublabel_below field_description_below gfield_visibility_visible\"  data-js-reload=\"field_1_20\"><legend class='gfield_label'  >Llar d&#039;infants<\/legend><div class='ginput_container ginput_container_radio'><div class='gfield_radio' id='input_1_20'>\n\t\t\t<div class='gchoice gchoice_1_20_0'>\n\t\t\t\t\t<input class='gfield-choice-input' name='input_20' type='radio' value='I0'  id='choice_1_20_0' onchange='gformToggleRadioOther( this )'  tabindex='57'  \/>\n\t\t\t\t\t<label for='choice_1_20_0' id='label_1_20_0'>I0<\/label>\n\t\t\t<\/div>\n\t\t\t<div class='gchoice gchoice_1_20_1'>\n\t\t\t\t\t<input class='gfield-choice-input' name='input_20' type='radio' value='I1'  id='choice_1_20_1' onchange='gformToggleRadioOther( this )'  tabindex='58'  \/>\n\t\t\t\t\t<label for='choice_1_20_1' id='label_1_20_1'>I1<\/label>\n\t\t\t<\/div>\n\t\t\t<div class='gchoice gchoice_1_20_2'>\n\t\t\t\t\t<input class='gfield-choice-input' name='input_20' type='radio' value='I2'  id='choice_1_20_2' onchange='gformToggleRadioOther( this )'  tabindex='59'  \/>\n\t\t\t\t\t<label for='choice_1_20_2' id='label_1_20_2'>I2<\/label>\n\t\t\t<\/div><\/div><\/div><\/fieldset><fieldset id=\"field_1_19\"  class=\"gfield gfield--width-quarter field_sublabel_below field_description_below gfield_visibility_visible\"  data-js-reload=\"field_1_19\"><legend class='gfield_label'  >Infantil<\/legend><div class='ginput_container ginput_container_radio'><div class='gfield_radio' id='input_1_19'>\n\t\t\t<div class='gchoice gchoice_1_19_0'>\n\t\t\t\t\t<input class='gfield-choice-input' name='input_19' type='radio' value='I3'  id='choice_1_19_0' onchange='gformToggleRadioOther( this )'  tabindex='60'  \/>\n\t\t\t\t\t<label for='choice_1_19_0' id='label_1_19_0'>I3<\/label>\n\t\t\t<\/div>\n\t\t\t<div class='gchoice gchoice_1_19_1'>\n\t\t\t\t\t<input class='gfield-choice-input' name='input_19' type='radio' value='I4'  id='choice_1_19_1' onchange='gformToggleRadioOther( this )'  tabindex='61'  \/>\n\t\t\t\t\t<label for='choice_1_19_1' id='label_1_19_1'>I4<\/label>\n\t\t\t<\/div>\n\t\t\t<div class='gchoice gchoice_1_19_2'>\n\t\t\t\t\t<input class='gfield-choice-input' name='input_19' type='radio' value='I5'  id='choice_1_19_2' onchange='gformToggleRadioOther( this )'  tabindex='62'  \/>\n\t\t\t\t\t<label for='choice_1_19_2' id='label_1_19_2'>I5<\/label>\n\t\t\t<\/div><\/div><\/div><\/fieldset><fieldset id=\"field_1_16\"  class=\"gfield gfield--width-quarter field_sublabel_below field_description_below gfield_visibility_visible\"  data-js-reload=\"field_1_16\"><legend class='gfield_label'  >Prim\u00e0ria<\/legend><div class='ginput_container ginput_container_radio'><div class='gfield_radio' id='input_1_16'>\n\t\t\t<div class='gchoice gchoice_1_16_0'>\n\t\t\t\t\t<input class='gfield-choice-input' name='input_16' type='radio' value='1r'  id='choice_1_16_0' onchange='gformToggleRadioOther( this )'  tabindex='63'  \/>\n\t\t\t\t\t<label for='choice_1_16_0' id='label_1_16_0'>1r<\/label>\n\t\t\t<\/div>\n\t\t\t<div class='gchoice gchoice_1_16_1'>\n\t\t\t\t\t<input class='gfield-choice-input' name='input_16' type='radio' value='2n'  id='choice_1_16_1' onchange='gformToggleRadioOther( this )'  tabindex='64'  \/>\n\t\t\t\t\t<label for='choice_1_16_1' id='label_1_16_1'>2n<\/label>\n\t\t\t<\/div>\n\t\t\t<div class='gchoice gchoice_1_16_2'>\n\t\t\t\t\t<input class='gfield-choice-input' name='input_16' type='radio' value='3r'  id='choice_1_16_2' onchange='gformToggleRadioOther( this )'  tabindex='65'  \/>\n\t\t\t\t\t<label for='choice_1_16_2' id='label_1_16_2'>3r<\/label>\n\t\t\t<\/div>\n\t\t\t<div class='gchoice gchoice_1_16_3'>\n\t\t\t\t\t<input class='gfield-choice-input' name='input_16' type='radio' value='4t'  id='choice_1_16_3' onchange='gformToggleRadioOther( this )'  tabindex='66'  \/>\n\t\t\t\t\t<label for='choice_1_16_3' id='label_1_16_3'>4t<\/label>\n\t\t\t<\/div>\n\t\t\t<div class='gchoice gchoice_1_16_4'>\n\t\t\t\t\t<input class='gfield-choice-input' name='input_16' type='radio' value='5\u00e8'  id='choice_1_16_4' onchange='gformToggleRadioOther( this )'  tabindex='67'  \/>\n\t\t\t\t\t<label for='choice_1_16_4' id='label_1_16_4'>5\u00e8<\/label>\n\t\t\t<\/div>\n\t\t\t<div class='gchoice gchoice_1_16_5'>\n\t\t\t\t\t<input class='gfield-choice-input' name='input_16' type='radio' value='6\u00e8'  id='choice_1_16_5' onchange='gformToggleRadioOther( this )'  tabindex='68'  \/>\n\t\t\t\t\t<label for='choice_1_16_5' id='label_1_16_5'>6\u00e8<\/label>\n\t\t\t<\/div><\/div><\/div><\/fieldset><fieldset id=\"field_1_17\"  class=\"gfield gfield--width-quarter field_sublabel_below field_description_below gfield_visibility_visible\"  data-js-reload=\"field_1_17\"><legend class='gfield_label'  >Secund\u00e0ria<\/legend><div class='ginput_container ginput_container_radio'><div class='gfield_radio' id='input_1_17'>\n\t\t\t<div class='gchoice gchoice_1_17_0'>\n\t\t\t\t\t<input class='gfield-choice-input' name='input_17' type='radio' value='1r'  id='choice_1_17_0' onchange='gformToggleRadioOther( this )'  tabindex='69'  \/>\n\t\t\t\t\t<label for='choice_1_17_0' id='label_1_17_0'>1r<\/label>\n\t\t\t<\/div>\n\t\t\t<div class='gchoice gchoice_1_17_1'>\n\t\t\t\t\t<input class='gfield-choice-input' name='input_17' type='radio' value='2n'  id='choice_1_17_1' onchange='gformToggleRadioOther( this )'  tabindex='70'  \/>\n\t\t\t\t\t<label for='choice_1_17_1' id='label_1_17_1'>2n<\/label>\n\t\t\t<\/div>\n\t\t\t<div class='gchoice gchoice_1_17_2'>\n\t\t\t\t\t<input class='gfield-choice-input' name='input_17' type='radio' value='3r'  id='choice_1_17_2' onchange='gformToggleRadioOther( this )'  tabindex='71'  \/>\n\t\t\t\t\t<label for='choice_1_17_2' id='label_1_17_2'>3r<\/label>\n\t\t\t<\/div>\n\t\t\t<div class='gchoice gchoice_1_17_3'>\n\t\t\t\t\t<input class='gfield-choice-input' name='input_17' type='radio' value='4t'  id='choice_1_17_3' onchange='gformToggleRadioOther( this )'  tabindex='72'  \/>\n\t\t\t\t\t<label for='choice_1_17_3' id='label_1_17_3'>4t<\/label>\n\t\t\t<\/div><\/div><\/div><\/fieldset><div class=\"spacer gfield\" style=\"grid-column: span 9;\"><\/div><div id=\"field_1_13\"  class=\"gfield gfield--width-full field_sublabel_below field_description_below gfield_visibility_visible\"  data-js-reload=\"field_1_13\"><label class='gfield_label' for='input_1_13' >Si voleu, podeu afegir un comentari<\/label><div class='ginput_container ginput_container_textarea'><textarea name='input_13' id='input_1_13' class='textarea small' tabindex='73'  maxlength='150'   aria-invalid=\"false\"   rows='10' cols='50'><\/textarea><\/div><\/div><fieldset id=\"field_1_14\"  class=\"gfield gfield--width-full gfield_contains_required field_sublabel_below field_description_below gfield_visibility_visible\"  data-js-reload=\"field_1_14\"><legend class='gfield_label gfield_label_before_complex'  >Consentiment<span class=\"gfield_required\"><span class=\"gfield_required gfield_required_asterisk\">*<\/span><\/span><\/legend><div class='ginput_container ginput_container_consent'><input name='input_14.1' id='input_1_14_1' type='checkbox' value='1' tabindex='74'  aria-required=\"true\" aria-invalid=\"false\"   \/> <label class=\"gfield_consent_label\" for='input_1_14_1' >He llegit i accepto la pol\u00edtica de privacitat. <br><a style=\"font-size:10px;\"  href=\"https:\/\/escolaelcim.net\/politica-de-privacitat\/\" alt=\"Pol\u00edtica de privadesa\">Veure pol\u00edtica de privadesa<\/a><\/label><input type='hidden' name='input_14.2' value='He llegit i accepto la pol\u00edtica de privacitat. &lt;br&gt;&lt;a style=&quot;font-size:10px;&quot;  href=&quot;https:\/\/escolaelcim.net\/politica-de-privacitat\/&quot; alt=&quot;Pol\u00edtica de privadesa&quot;&gt;Veure pol\u00edtica de privadesa&lt;\/a&gt;' class='gform_hidden' \/><input type='hidden' name='input_14.3' value='1' class='gform_hidden' \/><\/div><\/fieldset><\/div><\/div>\n        <div class='gform_footer top_label'> <input type='submit' id='gform_submit_button_1' class='gform_button button' value='Envia' tabindex='75' onclick='if(window[\"gf_submitting_1\"]){return false;}  if( !jQuery(\"#gform_1\")[0].checkValidity || jQuery(\"#gform_1\")[0].checkValidity()){window[\"gf_submitting_1\"]=true;}  ' onkeypress='if( event.keyCode == 13 ){ if(window[\"gf_submitting_1\"]){return false;} if( !jQuery(\"#gform_1\")[0].checkValidity || jQuery(\"#gform_1\")[0].checkValidity()){window[\"gf_submitting_1\"]=true;}  jQuery(\"#gform_1\").trigger(\"submit\",[true]); }' \/> <input type='hidden' name='gform_ajax' value='form_id=1&amp;title=&amp;description=&amp;tabindex=49' \/>\n            <input type='hidden' class='gform_hidden' name='is_submit_1' value='1' \/>\n            <input type='hidden' class='gform_hidden' name='gform_submit' value='1' \/>\n            \n            <input type='hidden' class='gform_hidden' name='gform_unique_id' value='' \/>\n            <input type='hidden' class='gform_hidden' name='state_1' value='WyJ7XCIyMFwiOltcIjdhNDk1Y2U0ZTU1OGNlYTVhOGRmMTRjZGM0NjZhNGZjXCIsXCIxYWJlNjZhMDI3OGI1YWYxZGM4Y2FjNGEwMDIwY2I0MVwiLFwiMDg5YjUxYjRiZjFkMDdhNmI1MTkwZjczMjJhOTg1NTFcIl0sXCIxOVwiOltcImQxMTdlNGNkNTZkYzAxN2VkNjExOTQxZmIzZDQxY2JhXCIsXCIyMjBkNzU1Mjc0OWY1Yzg2NzYyN2U2MDdhZWFmNGIzNVwiLFwiMzgyZTNiYWEwYTk2NDVkMTE4ZjBhNmU2YTJjMGY0ZGFcIl0sXCIxNlwiOltcImIxNGU1Y2YwMDU1NjA0ZWY0MjRhNDc5NGUwODg0OTRkXCIsXCI1NjY5NjkzMTVmYWY3N2U5ZDYzYjU2MDliNTVmZTkwN1wiLFwiMDRmOTYwN2MxNTE5MThjZjg5YzJhMGI0NDY4NDE4NzRcIixcIjNiNDhmNGU5NmU5ZWY4NTM5NWUyMGE3NzYwMjNhZWY3XCIsXCI3NzJmZWRkMTE4MzI5OTRhZjM5MjAzZGZhNTRkN2FjNFwiLFwiNjQzMzZiZTVlMGM3N2U0MzA3ZjEyMDAyZWZmZDE5ZWFcIl0sXCIxN1wiOltcImIxNGU1Y2YwMDU1NjA0ZWY0MjRhNDc5NGUwODg0OTRkXCIsXCI1NjY5NjkzMTVmYWY3N2U5ZDYzYjU2MDliNTVmZTkwN1wiLFwiMDRmOTYwN2MxNTE5MThjZjg5YzJhMGI0NDY4NDE4NzRcIixcIjNiNDhmNGU5NmU5ZWY4NTM5NWUyMGE3NzYwMjNhZWY3XCJdLFwiMTQuMVwiOlwiNmZjMmRlYTQyYjE3YmUyNjQ1MWNhNTVlZTZjMmQyNDZcIixcIjE0LjJcIjpcIjU2NzcwMjQ1MTlkOTM0OWRkZGYxNWE1YWE5ZTlmMTJmXCIsXCIxNC4zXCI6XCI2ZmMyZGVhNDJiMTdiZTI2NDUxY2E1NWVlNmMyZDI0NlwifSIsImQzNTk2ZWYyMmFiZDAzOTE1MGU1YzM5ZTRjNmE3NDkyIl0=' \/>\n            <input type='hidden' class='gform_hidden' name='gform_target_page_number_1' id='gform_target_page_number_1' value='0' \/>\n            <input type='hidden' class='gform_hidden' name='gform_source_page_number_1' id='gform_source_page_number_1' value='1' \/>\n            <input type='hidden' name='gform_field_values' value='check=First+Choice%2CSecond+Choice' \/>\n            \n        <\/div>\n                        <p style=\"display: none !important;\" class=\"akismet-fields-container\" data-prefix=\"ak_\"><label>&#916;<textarea name=\"ak_hp_textarea\" cols=\"45\" rows=\"8\" maxlength=\"100\"><\/textarea><\/label><input type=\"hidden\" id=\"ak_js_1\" name=\"ak_js\" value=\"158\"\/><script type=\"text\/javascript\">\n\/* <![CDATA[ *\/\ndocument.getElementById( \"ak_js_1\" ).setAttribute( \"value\", ( new Date() ).getTime() );\n\/* ]]> *\/\n<\/script>\n<\/p><\/form>\n                        <\/div>\n                <iframe style='display:none;width:0px;height:0px;' src='about:blank' name='gform_ajax_frame_1' id='gform_ajax_frame_1' title='Aquest iframe cont\u00e9 la l\u00f2gica necess\u00e0ria per a gestionar el Gravity Forms, que funciona amb Ajax.'><\/iframe>\n                <script type=\"text\/javascript\">\n\/* <![CDATA[ *\/\n gform.initializeOnLoaded( function() {gformInitSpinner( 1, 'https:\/\/www.escolaelcim.net\/inscripcio\/wp-content\/plugins\/gravityforms\/images\/spinner.svg' );jQuery('#gform_ajax_frame_1').on('load',function(){var contents = jQuery(this).contents().find('*').html();var is_postback = contents.indexOf('GF_AJAX_POSTBACK') >= 0;if(!is_postback){return;}var form_content = jQuery(this).contents().find('#gform_wrapper_1');var is_confirmation = jQuery(this).contents().find('#gform_confirmation_wrapper_1').length > 0;var is_redirect = contents.indexOf('gformRedirect(){') >= 0;var is_form = form_content.length > 0 && ! is_redirect && ! is_confirmation;var mt = parseInt(jQuery('html').css('margin-top'), 10) + parseInt(jQuery('body').css('margin-top'), 10) + 100;if(is_form){jQuery('#gform_wrapper_1').html(form_content.html());if(form_content.hasClass('gform_validation_error')){jQuery('#gform_wrapper_1').addClass('gform_validation_error');} else {jQuery('#gform_wrapper_1').removeClass('gform_validation_error');}setTimeout( function() { \/* delay the scroll by 50 milliseconds to fix a bug in chrome *\/ jQuery(document).scrollTop(jQuery('#gform_wrapper_1').offset().top - mt); }, 50 );if(window['gformInitDatepicker']) {gformInitDatepicker();}if(window['gformInitPriceFields']) {gformInitPriceFields();}var current_page = jQuery('#gform_source_page_number_1').val();gformInitSpinner( 1, 'https:\/\/www.escolaelcim.net\/inscripcio\/wp-content\/plugins\/gravityforms\/images\/spinner.svg' );jQuery(document).trigger('gform_page_loaded', [1, current_page]);window['gf_submitting_1'] = false;}else if(!is_redirect){var confirmation_content = jQuery(this).contents().find('.GF_AJAX_POSTBACK').html();if(!confirmation_content){confirmation_content = contents;}setTimeout(function(){jQuery('#gform_wrapper_1').replaceWith(confirmation_content);jQuery(document).scrollTop(jQuery('#gf_1').offset().top - mt);jQuery(document).trigger('gform_confirmation_loaded', [1]);window['gf_submitting_1'] = false;wp.a11y.speak(jQuery('#gform_confirmation_message_1').text());}, 50);}else{jQuery('#gform_1').append(contents);if(window['gformRedirect']) {gformRedirect();}}jQuery(document).trigger('gform_post_render', [1, current_page]);} );} ); \n\/* ]]> *\/\n<\/script>\n<\/div>\n<\/div>\n<hr>\n<h1>Escola El Cim<\/h1>\n<div>\n<h5 style=\"text-align: center;\">Per qu\u00e8 escollir una escola cooperativa?<\/h5>\n<\/div>\n<p><iframe src=\"https:\/\/youtu.be\/useQzAcfmiM\"><\/iframe><br \/>\n<iframe src=\"https:\/\/youtu.be\/lOSZUrePkuA\"><\/iframe><\/p>\n<hr>\n<h2>&#8216;El Cim \u00e9s una escola propera&#8217;<\/h2>\n<div>Som una escola amb una reconeguda personalitat pedag\u00f2gica, en la qual els resultats finals se situen en l\u2019espai \u00f2ptim per a cada alumne, tenint en compte el seu punt de partida i la seva evoluci\u00f3, i en la franja m\u00e9s alta dels assolits pels alumnes de Catalunya.<\/div>\n<p><iframe src=\"https:\/\/youtu.be\/QEq9HZ2TWNw\"><\/iframe><\/p>\n<h2><span class=\"uk-text-primary\">Centre concertat per <\/span><br \/> la Generalitat de Catalunya<\/h2>\n<h2>\n<p>Coneix l\u2019experi\u00e8ncia de les nostres fam\u00edlies i equip.<\/p>\n<\/h2>\n<hr>\n<h2>Estarem encantats d\u2019explicar-vos el nostre projecte educatiu<\/h2>\n<div>\n<h3>Demana la teva visita<\/h3>\n<\/div>\n<div>\n<p>41.5647942,2.0027614<\/p>\n<h5>Escola EL CIM<\/h5>\n<\/div>\n<p>\n    <a href=\"#FORMULARI\">Contacta&#8217;ns<\/a>\n<\/p>\n<p><!--more--><br \/>\n<!-- {\"name\":\"Home\",\"type\":\"layout\",\"children\":[{\"name\":\"Hero\",\"type\":\"section\",\"props\":{\"animation\":\"fade\",\"header_transparent\":\"light\",\"image\":\"\",\"image_effect\":\"parallax\",\"image_parallax_bgy\":\"-100,100\",\"image_parallax_easing\":\"1\",\"image_position\":\"center-center\",\"image_size\":\"cover\",\"media_background\":\"rgba(0, 0, 0, 0.18)\",\"media_blend_mode\":\"multiply\",\"overlap\":false,\"padding\":\"large\",\"padding_remove_horizontal\":true,\"padding_remove_top\":false,\"style\":\"default\",\"text_color\":\"light\",\"title_breakpoint\":\"xl\",\"title_position\":\"top-left\",\"title_rotation\":\"left\",\"vertical_align\":\"middle\",\"video\":\"wp-content\\\/uploads\\\/2023\\\/11\\\/banner-actualizado-El-Cim.mp4\",\"video_height\":\"900\",\"width\":\"\"},\"children\":[{\"name\":\"\",\"type\":\"row\",\"children\":[{\"name\":\"\",\"type\":\"column\",\"props\":{\"image_position\":\"center-center\",\"media_overlay_gradient\":\"\",\"position_sticky_breakpoint\":\"m\",\"width_medium\":\"1-1\"},\"children\":[{\"name\":\"\",\"type\":\"headline\",\"props\":{\"animation\":\"slide-top-medium\",\"block_align\":\"center\",\"content\":\"Escola EL CIM\",\"margin\":\"large\",\"maxwidth\":\"large\",\"text_align\":\"center\",\"title_decoration\":\"divider\",\"title_element\":\"h1\",\"title_style\":\"h1\"}},{\"type\":\"headline\",\"props\":{\"block_align\":\"center\",\"content\":\"Creant vincles, creixent junts\",\"margin_remove_top\":true,\"maxwidth\":\"xlarge\",\"position\":\"relative\",\"position_top\":\"-20\",\"text_align\":\"center\",\"title_element\":\"h3\"}},{\"type\":\"button\",\"props\":{\"block_align\":\"center\",\"button_size\":\"large\",\"fullwidth\":true,\"grid_column_gap\":\"small\",\"grid_row_gap\":\"small\",\"margin\":\"medium\",\"maxwidth\":\"medium\",\"text_align\":\"center\"},\"children\":[{\"type\":\"button_item\",\"props\":{\"button_style\":\"default\",\"content\":\"<span style=\\\"color:orange;font-size:18px;\\\">CONEIX-NOS<\\\/span>\",\"icon_align\":\"left\",\"link\":\"#FORMULARI\"}}]}]}],\"props\":{\"column_gap\":\"collapse\"}}]},{\"name\":\"FORMULARI\",\"type\":\"section\",\"props\":{\"animation\":\"fade\",\"id\":\"FORMULARI\",\"image\":\"\",\"image_effect\":\"parallax\",\"image_parallax_bgy\":\"-100,100\",\"image_parallax_easing\":\"1\",\"image_position\":\"center-center\",\"image_size\":\"cover\",\"media_background\":\"#0FB3D4\",\"media_blend_mode\":\"multiply\",\"overlap\":true,\"style\":\"default\",\"text_color\":\"dark\",\"title_breakpoint\":\"xl\",\"title_position\":\"top-left\",\"title_rotation\":\"left\",\"vertical_align\":\"middle\",\"video\":\"\",\"width\":\"large\"},\"children\":[{\"name\":\"\",\"type\":\"row\",\"props\":{\"column_gap\":\"large\",\"layout\":\"1-2,1-2\",\"margin\":\"large\",\"row_gap\":\"large\"},\"children\":[{\"name\":\"\",\"type\":\"column\",\"props\":{\"image_position\":\"center-center\",\"media_overlay_gradient\":\"\",\"position_sticky_breakpoint\":\"m\",\"width_small\":\"1-2\"},\"children\":[{\"name\":\"\",\"type\":\"headline\",\"props\":{\"block_align\":\"center\",\"content\":\"Som una escola cooperativa,<br \/> catalana i laica.\",\"maxwidth\":\"2xlarge\",\"text_align\":\"center\",\"title_element\":\"h2\",\"title_style\":\"h2\"}},{\"type\":\"text\",\"props\":{\"column_breakpoint\":\"m\",\"content\":\"\n\n<p>Atenem infants a la llar (0-3 anys) i impartim educaci\\u00f3 infantil, prim\\u00e0ria i secund\\u00e0ria obligat\\u00f2ria en dos grups d\\u2019alumnes per curs, que s\\u00f3n atesos per una vuitantena de professionals docents, d\\u2019administraci\\u00f3 i de serveis.<\\\/p>\\n\n\n<p>Podeu contactar amb nosaltres per concertar una visita o b\\u00e9 per demanar informaci\\u00f3 sobre el proc\\u00e9s de preinscripci\\u00f3 i matriculaci\\u00f3.<\\\/p>\",\"dropcap\":false,\"margin\":\"default\",\"text_align\":\"left\",\"text_style\":\"lead\"}},{\"type\":\"video\",\"props\":{\"margin\":\"default\",\"video\":\"https:\\\/\\\/youtu.be\\\/QRxOgY2P_IY\",\"video_controls\":true,\"video_width\":\"800\"}}]},{\"name\":\"\",\"type\":\"column\",\"props\":{\"image_position\":\"center-center\",\"media_overlay_gradient\":\"\",\"position_sticky\":\"column\",\"position_sticky_breakpoint\":\"m\",\"text_color\":\"dark\",\"width_small\":\"1-2\"},\"children\":[{\"type\":\"panel\",\"props\":{\"content\":\"[gravityform id=\\\"1\\\" title=\\\"false\\\" description=\\\"false\\\" ajax=\\\"true\\\" tabindex=\\\"49\\\" field_values=\\\"check=First Choice,Second Choice\\\"]\",\"content_align\":true,\"content_column_breakpoint\":\"m\",\"icon_width\":80,\"image_align\":\"top\",\"image_grid_breakpoint\":\"m\",\"image_grid_width\":\"1-2\",\"image_svg_color\":\"emphasis\",\"link_style\":\"default\",\"link_text\":\"Read more\",\"margin\":\"default\",\"meta\":\"Demana m\\u00e9s informaci\\u00f3 o inscriu-te a la Jornada de Portes Obertes del 7 de febrer, de 10h a 13h.\",\"meta_align\":\"below-title\",\"meta_element\":\"div\",\"meta_style\":\"h6\",\"panel_padding\":\"small\",\"panel_style\":\"card-primary\",\"text_align\":\"center\",\"title\":\"Formulari\",\"title_align\":\"top\",\"title_element\":\"h3\",\"title_grid_breakpoint\":\"m\",\"title_grid_width\":\"1-2\",\"title_hover_style\":\"reset\",\"title_style\":\"h2\"}}]}]}]},{\"type\":\"section\",\"props\":{\"animation\":\"scale-up\",\"image_position\":\"center-center\",\"padding\":\"none\",\"style\":\"default\",\"title_breakpoint\":\"xl\",\"title_position\":\"top-left\",\"title_rotation\":\"left\",\"vertical_align\":\"middle\",\"width\":\"default\"},\"children\":[{\"type\":\"row\",\"children\":[{\"type\":\"column\",\"props\":{\"image_position\":\"center-center\",\"media_overlay_gradient\":\"\",\"position_sticky_breakpoint\":\"m\"},\"children\":[{\"type\":\"divider\",\"props\":{\"block_align\":\"center\",\"divider_element\":\"hr\",\"divider_style\":\"icon\",\"maxwidth\":\"medium\"}},{\"type\":\"headline\",\"props\":{\"content\":\"Escola El Cim\",\"text_align\":\"center\",\"title_color\":\"primary\",\"title_element\":\"h1\",\"title_style\":\"h2\"}},{\"type\":\"text\",\"props\":{\"animation\":\"fade\",\"column_breakpoint\":\"m\",\"content\":\"\n\n<h5 style=\\\"text-align: center;\\\">Per qu\\u00e8 escollir una escola cooperativa?<\\\/h5>\",\"margin\":\"small\",\"text_align\":\"center\",\"text_color\":\"primary\",\"text_style\":\"small\"}},{\"type\":\"fragment\",\"children\":[{\"type\":\"row\",\"props\":{\"layout\":\"1-2,1-2\"},\"children\":[{\"type\":\"column\",\"props\":{\"image_position\":\"center-center\",\"media_overlay_gradient\":\"\",\"position_sticky_breakpoint\":\"m\",\"width_medium\":\"1-2\"},\"children\":[{\"type\":\"video\",\"props\":{\"margin\":\"default\",\"text_align\":\"center\",\"video\":\"https:\\\/\\\/youtu.be\\\/useQzAcfmiM\",\"video_controls\":true,\"video_width\":\"600\"}}]},{\"type\":\"column\",\"props\":{\"image_position\":\"center-center\",\"media_overlay_gradient\":\"\",\"position_sticky_breakpoint\":\"m\",\"width_medium\":\"1-2\"},\"children\":[{\"type\":\"video\",\"props\":{\"margin\":\"default\",\"text_align\":\"center\",\"video\":\"https:\\\/\\\/youtu.be\\\/lOSZUrePkuA\",\"video_controls\":true,\"video_width\":\"600\"}}]}]}]}]}]}]},{\"type\":\"section\",\"props\":{\"image_position\":\"center-center\",\"style\":\"default\",\"title_breakpoint\":\"xl\",\"title_position\":\"top-left\",\"title_rotation\":\"left\",\"vertical_align\":\"middle\",\"width\":\"default\"},\"children\":[{\"type\":\"row\",\"children\":[{\"type\":\"column\",\"props\":{\"image_position\":\"center-center\",\"media_overlay_gradient\":\"\",\"position_sticky_breakpoint\":\"m\"},\"children\":[{\"type\":\"divider\",\"props\":{\"divider_element\":\"hr\",\"divider_style\":\"icon\"}}]}]}]},{\"name\":\"Projectes\",\"type\":\"section\",\"props\":{\"animation\":\"scale-up\",\"image\":\"wp-content\\\/uploads\\\/2024\\\/11\\\/el-cim-tradicio.png\",\"image_effect\":\"fixed\",\"image_height\":\"auto\",\"image_position\":\"center-center\",\"image_size\":\"cover\",\"image_width\":\"auto\",\"media_overlay\":\"rgba(240, 113, 0, 0.42)\",\"padding\":\"small\",\"style\":\"primary\",\"title_breakpoint\":\"xl\",\"title_position\":\"top-left\",\"title_rotation\":\"left\",\"vertical_align\":\"middle\",\"video\":\"\",\"width\":\"expand\"},\"children\":[{\"name\":\"\",\"type\":\"row\",\"props\":{\"margin\":\"xlarge\",\"width\":\"large\"},\"children\":[{\"name\":\"\",\"type\":\"column\",\"props\":{\"image_position\":\"center-center\",\"media_overlay_gradient\":\"\",\"position_sticky_breakpoint\":\"m\",\"width_medium\":\"\"},\"children\":[{\"name\":\"\",\"type\":\"headline\",\"props\":{\"block_align\":\"center\",\"content\":\"'El Cim \\u00e9s una escola propera'\",\"maxwidth\":\"xlarge\",\"text_align\":\"center\",\"title_decoration\":\"line\",\"title_element\":\"h2\",\"title_style\":\"h1\"}},{\"name\":\"\",\"type\":\"text\",\"props\":{\"block_align\":\"center\",\"column_breakpoint\":\"m\",\"content\":\"Som una escola amb una reconeguda personalitat pedag\\u00f2gica, en la qual els resultats finals se situen en l\\u2019espai \\u00f2ptim per a cada alumne, tenint en compte el seu punt de partida i la seva evoluci\\u00f3, i en la franja m\\u00e9s alta dels assolits pels alumnes de Catalunya.\",\"margin\":\"default\",\"maxwidth\":\"xlarge\",\"maxwidth_breakpoint\":\"m\",\"text_align\":\"center\",\"text_style\":\"lead\"}}]}]}]},{\"name\":\"Escola El CIM\",\"type\":\"section\",\"props\":{\"animation\":\"scale-up\",\"animation_delay\":\"200\",\"image\":\"\",\"image_position\":\"center-center\",\"image_size\":\"contain\",\"style\":\"default\",\"title_breakpoint\":\"xl\",\"title_position\":\"top-left\",\"title_rotation\":\"left\",\"vertical_align\":\"bottom\",\"width\":\"large\"},\"children\":[{\"name\":\"\",\"type\":\"row\",\"props\":{\"layout\":\"1-2,1-2\",\"vertical_align\":true},\"children\":[{\"name\":\"\",\"type\":\"column\",\"props\":{\"image_position\":\"center-center\",\"media_overlay_gradient\":\"\",\"position_sticky_breakpoint\":\"m\",\"vertical_align\":\"middle\",\"width_medium\":\"1-2\"},\"children\":[{\"type\":\"video\",\"props\":{\"margin\":\"default\",\"text_align\":\"center\",\"video\":\"https:\\\/\\\/youtu.be\\\/QEq9HZ2TWNw\",\"video_box_shadow\":\"medium\",\"video_controls\":true,\"video_width\":\"500\"}}]},{\"name\":\"\",\"type\":\"column\",\"props\":{\"image_position\":\"center-center\",\"media_overlay_gradient\":\"\",\"position_sticky_breakpoint\":\"m\",\"vertical_align\":\"middle\",\"width_medium\":\"1-2\"},\"children\":[{\"name\":\"\",\"type\":\"headline\",\"props\":{\"content\":\"<span class=\\\"uk-text-primary\\\">Centre concertat per <\\\/span><br \/> la Generalitat de Catalunya\",\"text_align\":\"center\",\"title_element\":\"h2\",\"title_font_family\":\"default\"}},{\"name\":\"\",\"type\":\"headline\",\"props\":{\"content\":\"\n\n<p>Coneix l\\u2019experi\\u00e8ncia de les nostres fam\\u00edlies i equip.<\\\/p>\",\"text_align\":\"center\",\"title_element\":\"h2\",\"title_style\":\"h2\"}}]}]}]},{\"name\":\"Coneix el nostre projecte\",\"type\":\"section\",\"props\":{\"animation\":\"fade\",\"animation_delay\":\"200\",\"image_position\":\"center-center\",\"padding\":\"small\",\"padding_remove_bottom\":true,\"status\":\"\",\"style\":\"default\",\"title_breakpoint\":\"xl\",\"title_position\":\"top-left\",\"title_rotation\":\"left\",\"vertical_align\":\"middle\",\"width\":\"large\"},\"children\":[{\"name\":\"\",\"type\":\"row\",\"children\":[{\"name\":\"\",\"type\":\"column\",\"props\":{\"image_position\":\"center-center\",\"media_overlay_gradient\":\"\",\"position_sticky_breakpoint\":\"m\",\"width_medium\":\"1-1\"},\"children\":[{\"type\":\"divider\",\"props\":{\"block_align\":\"center\",\"divider_element\":\"hr\",\"divider_style\":\"icon\",\"maxwidth\":\"medium\"}},{\"name\":\"\",\"type\":\"headline\",\"props\":{\"content\":\"Estarem encantats d\\u2019explicar-vos el nostre projecte educatiu\",\"text_align\":\"center\",\"title_element\":\"h2\",\"title_style\":\"h2\"}}]}]}]},{\"name\":\"Call to Action\",\"type\":\"section\",\"props\":{\"animation\":\"scale-up\",\"image_position\":\"center-center\",\"style\":\"default\",\"title_breakpoint\":\"xl\",\"title_position\":\"top-left\",\"title_rotation\":\"left\",\"vertical_align\":\"middle\",\"width\":\"large\"},\"children\":[{\"name\":\"\",\"type\":\"row\",\"props\":{\"vertical_align\":true},\"children\":[{\"name\":\"\",\"type\":\"column\",\"props\":{\"image_position\":\"center-center\",\"media_overlay_gradient\":\"\",\"position_sticky_breakpoint\":\"m\",\"width_medium\":\"\"},\"children\":[{\"name\":\"\",\"type\":\"panel\",\"props\":{\"block_align\":\"center\",\"content\":\"\",\"content_column_breakpoint\":\"m\",\"icon_width\":80,\"image_align\":\"top\",\"image_grid_breakpoint\":\"m\",\"image_grid_width\":\"1-2\",\"image_svg_color\":\"emphasis\",\"link_style\":\"default\",\"link_text\":\"Read more\",\"margin\":\"default\",\"maxwidth\":\"large\",\"maxwidth_breakpoint\":\"m\",\"meta_align\":\"below-title\",\"meta_element\":\"div\",\"meta_style\":\"text-meta\",\"text_align\":\"center\",\"text_align_breakpoint\":\"m\",\"text_align_fallback\":\"center\",\"title\":\"Demana la teva visita\",\"title_align\":\"top\",\"title_element\":\"h3\",\"title_font_family\":\"secondary\",\"title_grid_breakpoint\":\"m\",\"title_grid_width\":\"1-2\",\"title_hover_style\":\"reset\",\"title_style\":\"h3\"}},{\"type\":\"map\",\"props\":{\"controls\":true,\"dragging\":true,\"image_svg_color\":\"emphasis\",\"link_style\":\"default\",\"link_text\":\"Read more\",\"margin\":\"default\",\"max_zoom\":18,\"meta_align\":\"below-title\",\"meta_element\":\"div\",\"meta_style\":\"text-meta\",\"min_zoom\":0,\"poi\":false,\"show_content\":false,\"show_image\":true,\"show_link\":false,\"show_meta\":false,\"show_title\":true,\"title_element\":\"h5\",\"title_hover_style\":\"reset\",\"type\":\"roadmap\",\"zoom\":\"16\",\"zooming\":true},\"children\":[{\"type\":\"map_item\",\"props\":{\"location\":\"41.5647942,2.0027614\",\"marker_icon\":\"wp-content\\\/uploads\\\/2022\\\/12\\\/Logo_vectoritzat.svg\",\"marker_icon_height\":\"25\",\"marker_icon_width\":\"25\",\"show_popup\":true,\"title\":\"Escola EL CIM\"}}],\"modified\":\"2022-02-10T23:16:30.534Z\",\"name\":\"Mapa\"},{\"name\":\"\",\"type\":\"button\",\"props\":{\"grid_column_gap\":\"small\",\"grid_row_gap\":\"small\",\"margin\":\"default\",\"text_align\":\"center\",\"text_align_breakpoint\":\"m\",\"text_align_fallback\":\"center\"},\"children\":[{\"name\":\"\",\"type\":\"button_item\",\"props\":{\"button_style\":\"primary\",\"content\":\"Contacta'ns\",\"icon\":\"info\",\"icon_align\":\"left\",\"link\":\"#FORMULARI\",\"link_title\":\"\"}}]}]}]}]}],\"version\":\"3.0.20\"} --><\/p>\n","protected":false},"excerpt":{"rendered":"<p>Escola EL CIM Creant vincles, creixent junts CONEIX-NOS Som una escola cooperativa, catalana i laica. Atenem infants a la llar (0-3 anys) i impartim educaci\u00f3 infantil, prim\u00e0ria i secund\u00e0ria obligat\u00f2ria en dos grups d\u2019alumnes per curs, que s\u00f3n atesos per una vuitantena de professionals docents, d\u2019administraci\u00f3 i de serveis. Podeu contactar amb nosaltres per concertar [&hellip;]<\/p>\n","protected":false},"author":3,"featured_media":106,"parent":0,"menu_order":0,"comment_status":"closed","ping_status":"closed","template":"","meta":{"_joinchat":[],"footnotes":""},"class_list":["post-22","page","type-page","status-publish","has-post-thumbnail","hentry"],"_links":{"self":[{"href":"https:\/\/www.escolaelcim.net\/inscripcio\/wp-json\/wp\/v2\/pages\/22","targetHints":{"allow":["GET"]}}],"collection":[{"href":"https:\/\/www.escolaelcim.net\/inscripcio\/wp-json\/wp\/v2\/pages"}],"about":[{"href":"https:\/\/www.escolaelcim.net\/inscripcio\/wp-json\/wp\/v2\/types\/page"}],"author":[{"embeddable":true,"href":"https:\/\/www.escolaelcim.net\/inscripcio\/wp-json\/wp\/v2\/users\/3"}],"replies":[{"embeddable":true,"href":"https:\/\/www.escolaelcim.net\/inscripcio\/wp-json\/wp\/v2\/comments?post=22"}],"version-history":[{"count":64,"href":"https:\/\/www.escolaelcim.net\/inscripcio\/wp-json\/wp\/v2\/pages\/22\/revisions"}],"predecessor-version":[{"id":355,"href":"https:\/\/www.escolaelcim.net\/inscripcio\/wp-json\/wp\/v2\/pages\/22\/revisions\/355"}],"wp:featuredmedia":[{"embeddable":true,"href":"https:\/\/www.escolaelcim.net\/inscripcio\/wp-json\/"}],"wp:attachment":[{"href":"https:\/\/www.escolaelcim.net\/inscripcio\/wp-json\/wp\/v2\/media?parent=22"}],"curies":[{"name":"wp","href":"https:\/\/api.w.org\/{rel}","templated":true}]}}